{"id":1793,"date":"2020-10-29T11:23:28","date_gmt":"2020-10-29T11:23:28","guid":{"rendered":"http:\/\/jjzkanjiza.edu.rs\/?page_id=1793"},"modified":"2020-10-30T13:10:34","modified_gmt":"2020-10-30T13:10:34","slug":"in-memoriam","status":"publish","type":"page","link":"https:\/\/jjzkanjiza.edu.rs\/sr\/in-memoriam\/","title":{"rendered":"In Memoriam"},"content":{"rendered":"<div data-elementor-type=\"wp-page\" data-elementor-id=\"1793\" class=\"elementor elementor-1793\">\n\t\t\t\t\t\t<section class=\"elementor-section elementor-top-section elementor-element elementor-element-6817fded elementor-section-boxed elementor-section-height-default elementor-section-height-default\" data-id=\"6817fded\" data-element_type=\"section\" data-e-type=\"section\">\n\t\t\t\t\t\t<div class=\"elementor-container elementor-column-gap-default\">\n\t\t\t\t\t<div class=\"elementor-column elementor-col-100 elementor-top-column elementor-element elementor-element-c02c8c5\" data-id=\"c02c8c5\" data-element_type=\"column\" data-e-type=\"column\">\n\t\t\t<div class=\"elementor-widget-wrap elementor-element-populated\">\n\t\t\t\t\t\t<div class=\"elementor-element elementor-element-8ffb812 animated-slow elementor-invisible elementor-widget elementor-widget-heading\" data-id=\"8ffb812\" data-element_type=\"widget\" data-e-type=\"widget\" data-settings=\"{&quot;_animation&quot;:&quot;fadeInDown&quot;}\" data-widget_type=\"heading.default\">\n\t\t\t\t<div class=\"elementor-widget-container\">\n\t\t\t\t\t<h2 class=\"elementor-heading-title elementor-size-default\">In Memoriam \u00dajv\u00e1ri Koncz Annam\u00e1ria \u2013 Maja (1980\u20132020)<\/h2>\t\t\t\t<\/div>\n\t\t\t\t<\/div>\n\t\t\t\t\t<\/div>\n\t\t<\/div>\n\t\t\t\t\t<\/div>\n\t\t<\/section>\n\t\t\t\t<section class=\"elementor-section elementor-top-section elementor-element elementor-element-10ae1b4 elementor-section-boxed elementor-section-height-default elementor-section-height-default\" data-id=\"10ae1b4\" data-element_type=\"section\" data-e-type=\"section\">\n\t\t\t\t\t\t<div class=\"elementor-container elementor-column-gap-default\">\n\t\t\t\t\t<div class=\"elementor-column elementor-col-100 elementor-top-column elementor-element elementor-element-3140d6f\" data-id=\"3140d6f\" data-element_type=\"column\" data-e-type=\"column\">\n\t\t\t<div class=\"elementor-widget-wrap elementor-element-populated\">\n\t\t\t\t\t\t<div class=\"elementor-element elementor-element-dafc5df animated-slow elementor-invisible elementor-widget elementor-widget-text-editor\" data-id=\"dafc5df\" data-element_type=\"widget\" data-e-type=\"widget\" data-settings=\"{&quot;_animation&quot;:&quot;fadeInDown&quot;,&quot;_animation_delay&quot;:500}\" data-widget_type=\"text-editor.default\">\n\t\t\t\t<div class=\"elementor-widget-container\">\n\t\t\t\t\t\t\t\t\t<p>\u00c9let\u00e9nek 41. \u00e9v\u00e9ben, 2020. okt\u00f3ber 14-\u00e9n elhunyt \u00dajv\u00e1ri Koncz Annam\u00e1ria oszt\u00e1lytan\u00edt\u00f3, a 7.sp oszt\u00e1lyf\u0151n\u00f6ke.<\/p><p>\u00dajv\u00e1ri Koncz Annam\u00e1ria a Jovan Jovanovi\u0107 Zmaj \u00c1ltal\u00e1nos Iskola di\u00e1kja volt, majd nyomdaipari szakon tanult, v\u00e9g\u00fcl pedag\u00f3gus lett, a szabadkai Magyar Tannyelv\u0171 Tan\u00edt\u00f3k\u00e9pz\u0151 Karon szerzett oklevelet 2004-ben. Sz\u00e1mos munkak\u00f6rben helyt\u00e1llt az int\u00e9zm\u00e9nyben: volt tornatan\u00e1r, informatikus, napk\u00f6zis nevel\u0151, tan\u00edtott k\u00f6rnyezetnyelvet a szerb ajk\u00fa di\u00e1koknak, valamint tant\u00e1rgyak sor\u00e1t a gy\u00f3gypedag\u00f3giai tagozaton. Tizen\u00f6t \u00e9ve dolgozott az iskol\u00e1ban, t\u00f6bb oszt\u00e1lyt ballagtatott \u00e9s t\u00f6bb \u00edzben volt szakakt\u00edvaeln\u00f6k is. Tan\u00edtv\u00e1nyai, koll\u00e9g\u00e1i szerett\u00e9k. Sz\u00f3kimond\u00f3, egyenes ember volt, aki nem h\u00e1tr\u00e1lt meg sosem. \u00dcdv\u00f6z\u00f6lte az \u00faj\u00edt\u00e1sokat, els\u0151k k\u00f6z\u00f6tt t\u00e1mogatott minden kezdem\u00e9nyez\u00e9st, b\u00e1tor\u00edtott benn\u00fcnket, ha cs\u00fcggedt\u00fcnk. Kiv\u00e1l\u00f3 munkaer\u0151 volt, tev\u00e9kenyen kivette a r\u00e9sz\u00e9t minden megmozdul\u00e1sb\u00f3l: m\u0171sort hangos\u00edtott, vide\u00f3t v\u00e1gott, tabl\u00f3t k\u00e9sz\u00edtett. M\u00e1sodik \u00e9ve posztgradu\u00e1lis k\u00e9pz\u00e9st folytatott a budapesti K\u00e1roli G\u00e1sp\u00e1r Reform\u00e1tus Egyetem ment\u00e1lhigi\u00e9n\u00e9s seg\u00edt\u0151 szakir\u00e1ny\u00e1n. Rengeteg \u00f6tlete \u00e9s terve v\u00e1rt, v\u00e1r megval\u00f3s\u00edt\u00e1sra.<\/p><p>Megrend\u00fclten osztozunk a gy\u00e1szban, becses koll\u00e9g\u00e1nk eml\u00e9k\u00e9t h\u00edven \u0151rizz\u00fck.<\/p>\t\t\t\t\t\t\t\t<\/div>\n\t\t\t\t<\/div>\n\t\t\t\t\t<\/div>\n\t\t<\/div>\n\t\t\t\t\t<\/div>\n\t\t<\/section>\n\t\t\t\t<section class=\"elementor-section elementor-top-section elementor-element elementor-element-19774a9 elementor-section-boxed elementor-section-height-default elementor-section-height-default\" data-id=\"19774a9\" data-element_type=\"section\" data-e-type=\"section\">\n\t\t\t\t\t\t<div class=\"elementor-container elementor-column-gap-default\">\n\t\t\t\t\t<div class=\"elementor-column elementor-col-100 elementor-top-column elementor-element elementor-element-317bbe0\" data-id=\"317bbe0\" data-element_type=\"column\" data-e-type=\"column\">\n\t\t\t<div class=\"elementor-widget-wrap elementor-element-populated\">\n\t\t\t\t\t\t<div class=\"elementor-element elementor-element-6519189 animated-slow elementor-invisible elementor-widget elementor-widget-image\" data-id=\"6519189\" data-element_type=\"widget\" data-e-type=\"widget\" data-settings=\"{&quot;_animation&quot;:&quot;fadeIn&quot;,&quot;_animation_delay&quot;:1000}\" data-widget_type=\"image.default\">\n\t\t\t\t<div class=\"elementor-widget-container\">\n\t\t\t\t\t\t\t\t\t\t\t\t\t\t\t<img fetchpriority=\"high\" decoding=\"async\" width=\"349\" height=\"458\" src=\"https:\/\/jjzkanjiza.edu.rs\/wp-content\/uploads\/2020\/10\/Ujvari-Koncz-Anamaria-ff.jpg\" class=\"attachment-large size-large wp-image-1794\" alt=\"\" srcset=\"https:\/\/jjzkanjiza.edu.rs\/wp-content\/uploads\/2020\/10\/Ujvari-Koncz-Anamaria-ff.jpg 349w, https:\/\/jjzkanjiza.edu.rs\/wp-content\/uploads\/2020\/10\/Ujvari-Koncz-Anamaria-ff-229x300.jpg 229w, https:\/\/jjzkanjiza.edu.rs\/wp-content\/uploads\/2020\/10\/Ujvari-Koncz-Anamaria-ff-9x12.jpg 9w\" sizes=\"(max-width: 349px) 100vw, 349px\" \/>\t\t\t\t\t\t\t\t\t\t\t\t\t\t\t<\/div>\n\t\t\t\t<\/div>\n\t\t\t\t\t<\/div>\n\t\t<\/div>\n\t\t\t\t\t<\/div>\n\t\t<\/section>\n\t\t\t\t<section class=\"elementor-section elementor-top-section elementor-element elementor-element-643b36a elementor-section-boxed elementor-section-height-default elementor-section-height-default\" data-id=\"643b36a\" data-element_type=\"section\" data-e-type=\"section\">\n\t\t\t\t\t\t<div class=\"elementor-container elementor-column-gap-default\">\n\t\t\t\t\t<div class=\"elementor-column elementor-col-100 elementor-top-column elementor-element elementor-element-083a879\" data-id=\"083a879\" data-element_type=\"column\" data-e-type=\"column\">\n\t\t\t<div class=\"elementor-widget-wrap elementor-element-populated\">\n\t\t\t\t\t\t<div class=\"elementor-element elementor-element-42f7c65 animated-slow elementor-invisible elementor-widget elementor-widget-text-editor\" data-id=\"42f7c65\" data-element_type=\"widget\" data-e-type=\"widget\" data-settings=\"{&quot;_animation&quot;:&quot;fadeInDown&quot;,&quot;_animation_delay&quot;:1500}\" data-widget_type=\"text-editor.default\">\n\t\t\t\t<div class=\"elementor-widget-container\">\n\t\t\t\t\t\t\t\t\t<p style=\"text-align: center;\"><strong><em>EGY VOLT\u00c1L K\u00d6Z\u00dcL\u00dcNK\u2026<\/em><\/strong><\/p>\n<p style=\"text-align: center;\"><strong>MINDANNYIUNK NEV\u00c9BEN SZ\u00d3LNAK SIMONYI GY\u00d6NGYI B\u00daCS\u00daSZAVAI<\/strong><\/p>\t\t\t\t\t\t\t\t<\/div>\n\t\t\t\t<\/div>\n\t\t\t\t\t<\/div>\n\t\t<\/div>\n\t\t\t\t\t<\/div>\n\t\t<\/section>\n\t\t\t\t<section class=\"elementor-section elementor-top-section elementor-element elementor-element-d73c553 elementor-section-boxed elementor-section-height-default elementor-section-height-default\" data-id=\"d73c553\" data-element_type=\"section\" data-e-type=\"section\">\n\t\t\t\t\t\t<div class=\"elementor-container elementor-column-gap-default\">\n\t\t\t\t\t<div class=\"elementor-column elementor-col-100 elementor-top-column elementor-element elementor-element-a8fe8e7\" data-id=\"a8fe8e7\" data-element_type=\"column\" data-e-type=\"column\">\n\t\t\t<div class=\"elementor-widget-wrap elementor-element-populated\">\n\t\t\t\t\t\t<div class=\"elementor-element elementor-element-a422f1b animated-slow elementor-invisible elementor-widget elementor-widget-text-editor\" data-id=\"a422f1b\" data-element_type=\"widget\" data-e-type=\"widget\" data-settings=\"{&quot;_animation&quot;:&quot;fadeInDown&quot;,&quot;_animation_delay&quot;:2000}\" data-widget_type=\"text-editor.default\">\n\t\t\t\t<div class=\"elementor-widget-container\">\n\t\t\t\t\t\t\t\t\t<p>Felfoghatatlan, hogy m\u00e1r nincs k\u00f6zt\u00fcnk.<\/p><p>Tele volt \u00e9lettel. Kis\u00fct\u00f6tt a nap, ha megjelent, j\u00f3kedvem kerekedett, ha megsz\u00f3l\u00edtott, mindig volt h\u00edre, v\u00e9lem\u00e9nye, k\u00e9rd\u00e9se: karak\u00e1n embernek ismertem meg. Tizen\u00f6t \u00e9vet dolgoztunk egy\u00fctt. Kiv\u00e1l\u00f3 koll\u00e9ga volt, igaz bar\u00e1t.<\/p><p>Ki ennek sz\u00fcletik, ki annak. Maja pedag\u00f3gusnak j\u00f6tt a vil\u00e1gra, tan\u00edt\u00f3 volt, a j\u00f3 fajt\u00e1b\u00f3l val\u00f3, aki nemcsak tan\u00edtott, m\u00e9g mert nevelni, saj\u00e1tjak\u00e9nt nevelte a saj\u00e1tos fejleszt\u00e9si ig\u00e9ny\u0171 di\u00e1kokat. Nem adatokat oktatott meg \u00e9vsz\u00e1mokat, az \u00e9letet tan\u00edtotta nekik. T\u00f6rt\u00e9neteket mes\u00e9lt, filmet n\u00e9ztek \u00e9s elemeztek, jeleneteket j\u00e1tszottak, zen\u00e9t hallgattak. Az \u00f3r\u00e1in a tanul\u00f3i sosem n\u00e9ztek b\u00e1v\u00e1n, akt\u00edv munka folyt ott a di\u00e1k \u00e9s a tan\u00e1r r\u00e9sz\u00e9r\u0151l is egyar\u00e1nt. Sokoldal\u00fa \u00e9s sz\u00e1mottev\u0151 ismerets\u00e9ggel rendelkezett. J\u00e1rtas volt az informatik\u00e1ban, a sportokban, az asztrol\u00f3gi\u00e1ban, rajongott a filmm\u0171v\u00e9szet\u00e9rt, remek kv\u00edzfejt\u0151 volt. Nyitott ajt\u00f3n\u00e1l dolgozott, nem sz\u00edvelte a k\u00fclcs\u00ednt, az igaz emberi \u00e9rt\u00e9kek megbecs\u00fcl\u00e9s\u00e9t tartotta mindenekel\u0151tt fontosnak. Remek csapatj\u00e1t\u00e9kost ismertem meg benne, \u00e9vekig toboroztuk egy\u00fctt a gyerekfesztiv\u00e1lok zs\u0171ritagjait, ki\u00f6tl\u00f6tte a gyerekhetek programjait, ballag\u00e1sok tartalm\u00e1t, a kir\u00e1ndul\u00e1sokr\u00f3l, munkat\u00e1rsi eb\u00e9dekr\u0151l sosem hi\u00e1nyzott. Nem szerette a tespedts\u00e9get, mindig tenni akart, \u00faj\u00edtani, \u00fajat kipr\u00f3b\u00e1lni. \u00a0M\u00e9g csak negyven\u00e9ves volt\u2026<\/p><p>Soha nem felejt\u00fcnk el, Maja!<\/p><p>\u00a0\u00a0\u00a0\u00a0\u00a0\u00a0\u00a0\u00a0\u00a0\u00a0\u00a0\u00a0\u00a0\u00a0\u00a0\u00a0\u00a0\u00a0\u00a0\u00a0\u00a0\u00a0\u00a0\u00a0\u00a0\u00a0\u00a0\u00a0\u00a0\u00a0\u00a0\u00a0\u00a0\u00a0\u00a0\u00a0\u00a0\u00a0\u00a0\u00a0\u00a0\u00a0\u00a0\u00a0\u00a0\u00a0\u00a0\u00a0\u00a0\u00a0\u00a0\u00a0\u00a0\u00a0\u00a0\u00a0\u00a0\u00a0\u00a0\u00a0\u00a0\u00a0\u00a0\u00a0\u00a0\u00a0\u00a0\u00a0\u00a0\u00a0\u00a0\u00a0\u00a0\u00a0\u00a0\u00a0\u00a0\u00a0\u00a0\u00a0\u00a0\u00a0\u00a0\u00a0\u00a0\u00a0\u00a0\u00a0\u00a0\u00a0\u00a0\u00a0\u00a0\u00a0\u00a0\u00a0\u00a0\u00a0\u00a0\u00a0\u00a0\u00a0\u00a0\u00a0\u00a0\u00a0\u00a0\u00a0\u00a0\u00a0\u00a0\u00a0\u00a0\u00a0\u00a0\u00a0\u00a0\u00a0\u00a0\u00a0\u00a0\u00a0\u00a0\u00a0 \u0428\u0438\u043c\u043e\u045a\u0438 \u0402\u0435\u043d\u0452\u0438<\/p>\t\t\t\t\t\t\t\t<\/div>\n\t\t\t\t<\/div>\n\t\t\t\t\t<\/div>\n\t\t<\/div>\n\t\t\t\t\t<\/div>\n\t\t<\/section>\n\t\t\t\t<\/div>","protected":false},"excerpt":{"rendered":"<p>In Memoriam \u00dajv\u00e1ri Koncz Annam\u00e1ria \u2013 Maja (1980\u20132020) \u00c9let\u00e9nek 41. \u00e9v\u00e9ben, 2020. okt\u00f3ber 14-\u00e9n elhunyt \u00dajv\u00e1ri Koncz Annam\u00e1ria oszt\u00e1lytan\u00edt\u00f3, a 7.sp oszt\u00e1lyf\u0151n\u00f6ke. \u00dajv\u00e1ri Koncz Annam\u00e1ria a Jovan Jovanovi\u0107 Zmaj \u00c1ltal\u00e1nos Iskola di\u00e1kja volt, majd nyomdaipari szakon tanult, v\u00e9g\u00fcl pedag\u00f3gus lett, a szabadkai Magyar Tannyelv\u0171 Tan\u00edt\u00f3k\u00e9pz\u0151 Karon szerzett oklevelet 2004-ben. Sz\u00e1mos<a class=\"moretag\" href=\"https:\/\/jjzkanjiza.edu.rs\/sr\/in-memoriam\/\"> Read more<\/a><\/p>","protected":false},"author":1,"featured_media":0,"parent":0,"menu_order":0,"comment_status":"closed","ping_status":"closed","template":"","meta":{"_themeisle_gutenberg_block_has_review":false,"footnotes":"","_links_to":"","_links_to_target":""},"class_list":["post-1793","page","type-page","status-publish","hentry"],"_links":{"self":[{"href":"https:\/\/jjzkanjiza.edu.rs\/sr\/wp-json\/wp\/v2\/pages\/1793","targetHints":{"allow":["GET"]}}],"collection":[{"href":"https:\/\/jjzkanjiza.edu.rs\/sr\/wp-json\/wp\/v2\/pages"}],"about":[{"href":"https:\/\/jjzkanjiza.edu.rs\/sr\/wp-json\/wp\/v2\/types\/page"}],"author":[{"embeddable":true,"href":"https:\/\/jjzkanjiza.edu.rs\/sr\/wp-json\/wp\/v2\/users\/1"}],"replies":[{"embeddable":true,"href":"https:\/\/jjzkanjiza.edu.rs\/sr\/wp-json\/wp\/v2\/comments?post=1793"}],"version-history":[{"count":4,"href":"https:\/\/jjzkanjiza.edu.rs\/sr\/wp-json\/wp\/v2\/pages\/1793\/revisions"}],"predecessor-version":[{"id":1799,"href":"https:\/\/jjzkanjiza.edu.rs\/sr\/wp-json\/wp\/v2\/pages\/1793\/revisions\/1799"}],"wp:attachment":[{"href":"https:\/\/jjzkanjiza.edu.rs\/sr\/wp-json\/wp\/v2\/media?parent=1793"}],"curies":[{"name":"wp","href":"https:\/\/api.w.org\/{rel}","templated":true}]}}